{"id":4324,"date":"2020-06-26T22:05:58","date_gmt":"2020-06-26T21:05:58","guid":{"rendered":"http:\/\/www.gourmandaz.ch\/wordpress\/?page_id=4324"},"modified":"2023-12-29T11:44:58","modified_gmt":"2023-12-29T10:44:58","slug":"degustation","status":"publish","type":"page","link":"https:\/\/www.gourmandaz.ch\/wordpress\/degustation\/","title":{"rendered":"D\u00e9gustation"},"content":{"rendered":"<p>[vc_row][vc_column]<div class=\"mkdf-single-image-holder    \">\n    <div class=\"mkdf-si-inner\" >\n                                    <img loading=\"lazy\" decoding=\"async\" width=\"1643\" height=\"1100\" src=\"https:\/\/www.gourmandaz.ch\/wordpress\/wp-content\/uploads\/2020\/06\/Panier_Gourmandaz.jpg\" class=\"attachment-full size-full\" alt=\"\" srcset=\"https:\/\/www.gourmandaz.ch\/wordpress\/wp-content\/uploads\/2020\/06\/Panier_Gourmandaz.jpg 1643w, https:\/\/www.gourmandaz.ch\/wordpress\/wp-content\/uploads\/2020\/06\/Panier_Gourmandaz-300x201.jpg 300w, https:\/\/www.gourmandaz.ch\/wordpress\/wp-content\/uploads\/2020\/06\/Panier_Gourmandaz-1024x686.jpg 1024w, https:\/\/www.gourmandaz.ch\/wordpress\/wp-content\/uploads\/2020\/06\/Panier_Gourmandaz-150x100.jpg 150w, https:\/\/www.gourmandaz.ch\/wordpress\/wp-content\/uploads\/2020\/06\/Panier_Gourmandaz-1536x1028.jpg 1536w, https:\/\/www.gourmandaz.ch\/wordpress\/wp-content\/uploads\/2020\/06\/Panier_Gourmandaz-555x372.jpg 555w\" sizes=\"auto, (max-width: 1643px) 100vw, 1643px\" \/>                        <\/div>\n<\/div>[vc_empty_space height=\u00a0\u00bb120px\u00a0\u00bb][\/vc_column][\/vc_row][vc_row][vc_column width=\u00a0\u00bb2\/3&Prime;]<div class=\"mkdf-section-title-holder  mkdf-st-standard mkdf-st-title-left mkdf-st-normal-space \" >\n\t<div class=\"mkdf-st-inner\">\n\t\t\t\t\t<span class=\"mkdf-st-subtitle\" >\n\t\t\t\t\u00e9v\u00e9nement\t\t\t<\/span>\n\t\t\t\t\t\t\t<h2 class=\"mkdf-st-title\" >\n\t\t\t\tD\u00e9gustation au Domaine\t\t\t<\/h2>\n\t\t\t\t\t\t\t<h4 class=\"mkdf-st-text\" >\n\t\t\t\tVous recevoir au domaine est le meilleur moyen pour nous de partager notre passion avec vous.\nLes envies de chacun sont uniques, c'est pour cela que nous sommes \u00e0 votre enti\u00e8re disposition pour personnaliser votre exp\u00e9rience chez nous. Que vous d\u00e9siriez venir d\u00e9couvrir les vins, le vignoble, prendre un cours d'initiation \u00e0 la d\u00e9gustation, f\u00eater votre enterrement de vie de jeune fille ou de jeune gar\u00e7on, ou encore louer notre salle de r\u00e9ception au c\u0153ur des vignes pour un \u00e9v\u00e9nement priv\u00e9, vous pouvez nous \u00e9crire ou nous t\u00e9l\u00e9phoner pour que nous trouvions la meilleure solution pour vous.\t\t\t<\/h4>\n\t\t\t<\/div>\n<\/div>[vc_empty_space height=\u00a0\u00bb120px\u00a0\u00bb][\/vc_column][vc_column width=\u00a0\u00bb1\/3&Prime;][\/vc_column][\/vc_row][vc_row][vc_column width=\u00a0\u00bb1\/4&Prime;][\/vc_column][vc_column width=\u00a0\u00bb3\/4&Prime;]<div class=\"mkdf-image-gallery  mkdf-ig-carousel-type mkdf-three-columns mkdf-tiny-space    \">\n\t<div class=\"mkdf-ig-slider mkdf-owl-slider\" data-number-of-items=\"3\" data-enable-loop=\"yes\" data-enable-autoplay=\"yes\" data-slider-speed=\"5000\" data-slider-speed-animation=\"600\" data-slider-padding=\"no\" data-enable-navigation=\"no\" data-enable-pagination=\"no\">\n\t\t\t\t\t<div class=\"mkdf-ig-image\">\n\t\t\t\t\t\t\t\t\t<img loading=\"lazy\" decoding=\"async\" width=\"572\" height=\"720\" src=\"https:\/\/www.gourmandaz.ch\/wordpress\/wp-content\/uploads\/2020\/06\/DG-degustation1.jpg\" class=\"attachment-full size-full\" alt=\"\" srcset=\"https:\/\/www.gourmandaz.ch\/wordpress\/wp-content\/uploads\/2020\/06\/DG-degustation1.jpg 572w, https:\/\/www.gourmandaz.ch\/wordpress\/wp-content\/uploads\/2020\/06\/DG-degustation1-238x300.jpg 238w, https:\/\/www.gourmandaz.ch\/wordpress\/wp-content\/uploads\/2020\/06\/DG-degustation1-119x150.jpg 119w, https:\/\/www.gourmandaz.ch\/wordpress\/wp-content\/uploads\/2020\/06\/DG-degustation1-555x699.jpg 555w\" sizes=\"auto, (max-width: 572px) 100vw, 572px\" \/>\t\t\t\t\t\t\t<\/div>\n\t\t\t\t\t<div class=\"mkdf-ig-image\">\n\t\t\t\t\t\t\t\t\t<img loading=\"lazy\" decoding=\"async\" width=\"572\" height=\"720\" src=\"https:\/\/www.gourmandaz.ch\/wordpress\/wp-content\/uploads\/2020\/06\/DG-degustation2.jpg\" class=\"attachment-full size-full\" alt=\"\" srcset=\"https:\/\/www.gourmandaz.ch\/wordpress\/wp-content\/uploads\/2020\/06\/DG-degustation2.jpg 572w, https:\/\/www.gourmandaz.ch\/wordpress\/wp-content\/uploads\/2020\/06\/DG-degustation2-238x300.jpg 238w, https:\/\/www.gourmandaz.ch\/wordpress\/wp-content\/uploads\/2020\/06\/DG-degustation2-119x150.jpg 119w, https:\/\/www.gourmandaz.ch\/wordpress\/wp-content\/uploads\/2020\/06\/DG-degustation2-555x699.jpg 555w\" sizes=\"auto, (max-width: 572px) 100vw, 572px\" \/>\t\t\t\t\t\t\t<\/div>\n\t\t\t\t\t<div class=\"mkdf-ig-image\">\n\t\t\t\t\t\t\t\t\t<img loading=\"lazy\" decoding=\"async\" width=\"572\" height=\"720\" src=\"https:\/\/www.gourmandaz.ch\/wordpress\/wp-content\/uploads\/2020\/06\/DG-degustation3.jpg\" class=\"attachment-full size-full\" alt=\"\" srcset=\"https:\/\/www.gourmandaz.ch\/wordpress\/wp-content\/uploads\/2020\/06\/DG-degustation3.jpg 572w, https:\/\/www.gourmandaz.ch\/wordpress\/wp-content\/uploads\/2020\/06\/DG-degustation3-238x300.jpg 238w, https:\/\/www.gourmandaz.ch\/wordpress\/wp-content\/uploads\/2020\/06\/DG-degustation3-119x150.jpg 119w, https:\/\/www.gourmandaz.ch\/wordpress\/wp-content\/uploads\/2020\/06\/DG-degustation3-555x699.jpg 555w\" sizes=\"auto, (max-width: 572px) 100vw, 572px\" \/>\t\t\t\t\t\t\t<\/div>\n\t\t\t\t\t<div class=\"mkdf-ig-image\">\n\t\t\t\t\t\t\t\t\t<img loading=\"lazy\" decoding=\"async\" width=\"572\" height=\"720\" src=\"https:\/\/www.gourmandaz.ch\/wordpress\/wp-content\/uploads\/2020\/06\/DG-degustation4.jpg\" class=\"attachment-full size-full\" alt=\"\" srcset=\"https:\/\/www.gourmandaz.ch\/wordpress\/wp-content\/uploads\/2020\/06\/DG-degustation4.jpg 572w, https:\/\/www.gourmandaz.ch\/wordpress\/wp-content\/uploads\/2020\/06\/DG-degustation4-238x300.jpg 238w, https:\/\/www.gourmandaz.ch\/wordpress\/wp-content\/uploads\/2020\/06\/DG-degustation4-119x150.jpg 119w, https:\/\/www.gourmandaz.ch\/wordpress\/wp-content\/uploads\/2020\/06\/DG-degustation4-555x699.jpg 555w\" sizes=\"auto, (max-width: 572px) 100vw, 572px\" \/>\t\t\t\t\t\t\t<\/div>\n\t\t\t\t\t<div class=\"mkdf-ig-image\">\n\t\t\t\t\t\t\t\t\t<img loading=\"lazy\" decoding=\"async\" width=\"572\" height=\"720\" src=\"https:\/\/www.gourmandaz.ch\/wordpress\/wp-content\/uploads\/2020\/06\/DG-degustation5.jpg\" class=\"attachment-full size-full\" alt=\"\" srcset=\"https:\/\/www.gourmandaz.ch\/wordpress\/wp-content\/uploads\/2020\/06\/DG-degustation5.jpg 572w, https:\/\/www.gourmandaz.ch\/wordpress\/wp-content\/uploads\/2020\/06\/DG-degustation5-238x300.jpg 238w, https:\/\/www.gourmandaz.ch\/wordpress\/wp-content\/uploads\/2020\/06\/DG-degustation5-119x150.jpg 119w, https:\/\/www.gourmandaz.ch\/wordpress\/wp-content\/uploads\/2020\/06\/DG-degustation5-555x699.jpg 555w\" sizes=\"auto, (max-width: 572px) 100vw, 572px\" \/>\t\t\t\t\t\t\t<\/div>\n\t\t\t\t\t<div class=\"mkdf-ig-image\">\n\t\t\t\t\t\t\t\t\t<img loading=\"lazy\" decoding=\"async\" width=\"572\" height=\"720\" src=\"https:\/\/www.gourmandaz.ch\/wordpress\/wp-content\/uploads\/2020\/06\/DG-degustation6.jpg\" class=\"attachment-full size-full\" alt=\"\" srcset=\"https:\/\/www.gourmandaz.ch\/wordpress\/wp-content\/uploads\/2020\/06\/DG-degustation6.jpg 572w, https:\/\/www.gourmandaz.ch\/wordpress\/wp-content\/uploads\/2020\/06\/DG-degustation6-238x300.jpg 238w, https:\/\/www.gourmandaz.ch\/wordpress\/wp-content\/uploads\/2020\/06\/DG-degustation6-119x150.jpg 119w, https:\/\/www.gourmandaz.ch\/wordpress\/wp-content\/uploads\/2020\/06\/DG-degustation6-555x699.jpg 555w\" sizes=\"auto, (max-width: 572px) 100vw, 572px\" \/>\t\t\t\t\t\t\t<\/div>\n\t\t\t<\/div>\n<\/div>[vc_empty_space height=\u00a0\u00bb120px\u00a0\u00bb][\/vc_column][\/vc_row][vc_row][vc_column width=\u00a0\u00bb2\/3&Prime;]<div class=\"mkdf-section-title-holder  mkdf-st-standard mkdf-st-title-left mkdf-st-normal-space \" >\n\t<div class=\"mkdf-st-inner\">\n\t\t\t\t\t<span class=\"mkdf-st-subtitle\" >\n\t\t\t\tcontact\t\t\t<\/span>\n\t\t\t\t\t\t\t<h2 class=\"mkdf-st-title\" >\n\t\t\t\tR\u00e9server une d\u00e9gustation\t\t\t<\/h2>\n\t\t\t\t\t\t\t<h4 class=\"mkdf-st-text\" >\n\t\t\t\tVous pouvez contacter Alice par t\u00e9l\u00e9phone au 076 332 36 07, par mail \u00e0 alice@gourmandaz.ch ou remplir le formulaire de contact ci-dessous.\t\t\t<\/h4>\n\t\t\t<\/div>\n<\/div>[vc_empty_space height=\u00a0\u00bb120px\u00a0\u00bb]\n<div class=\"wpcf7 no-js\" id=\"wpcf7-f245-o1\" lang=\"fr-FR\" dir=\"ltr\" data-wpcf7-id=\"245\">\n<div class=\"screen-reader-response\"><p role=\"status\" aria-live=\"polite\" aria-atomic=\"true\"><\/p> <ul><\/ul><\/div>\n<form action=\"\/wordpress\/wp-json\/wp\/v2\/pages\/4324#wpcf7-f245-o1\" method=\"post\" class=\"wpcf7-form init\" aria-label=\"Formulaire de contact\" novalidate=\"novalidate\" data-status=\"init\">\n<fieldset class=\"hidden-fields-container\"><input type=\"hidden\" name=\"_wpcf7\" value=\"245\" \/><input type=\"hidden\" name=\"_wpcf7_version\" value=\"6.1.3\" \/><input type=\"hidden\" name=\"_wpcf7_locale\" value=\"fr_FR\" \/><input type=\"hidden\" name=\"_wpcf7_unit_tag\" value=\"wpcf7-f245-o1\" \/><input type=\"hidden\" name=\"_wpcf7_container_post\" value=\"0\" \/><input type=\"hidden\" name=\"_wpcf7_posted_data_hash\" value=\"\" \/>\n<\/fieldset>\n<p><label> Votre nom (obligatoire)<br \/>\n<span class=\"wpcf7-form-control-wrap\" data-name=\"your-name\"><input size=\"40\" maxlength=\"400\" class=\"wpcf7-form-control wpcf7-text wpcf7-validates-as-required\" aria-required=\"true\" aria-invalid=\"false\" value=\"\" type=\"text\" name=\"your-name\" \/><\/span> <\/label>\n<\/p>\n<p><label> Votre adresse de messagerie (obligatoire)<br \/>\n<span class=\"wpcf7-form-control-wrap\" data-name=\"your-email\"><input size=\"40\" maxlength=\"400\" class=\"wpcf7-form-control wpcf7-email wpcf7-validates-as-required wpcf7-text wpcf7-validates-as-email\" aria-required=\"true\" aria-invalid=\"false\" value=\"\" type=\"email\" name=\"your-email\" \/><\/span> <\/label>\n<\/p>\n<p><label> Objet<br \/>\n<span class=\"wpcf7-form-control-wrap\" data-name=\"your-subject\"><input size=\"40\" maxlength=\"400\" class=\"wpcf7-form-control wpcf7-text\" aria-invalid=\"false\" value=\"\" type=\"text\" name=\"your-subject\" \/><\/span> <\/label>\n<\/p>\n<p><label> Votre message<br \/>\n<span class=\"wpcf7-form-control-wrap\" data-name=\"your-message\"><textarea cols=\"40\" rows=\"10\" maxlength=\"2000\" class=\"wpcf7-form-control wpcf7-textarea\" aria-invalid=\"false\" name=\"your-message\"><\/textarea><\/span> <\/label>\n<\/p>\n<div id=\"cf7sr-69f5b2196faa1\" class=\"cf7sr-g-recaptcha\" data-theme=\"light\" data-type=\"image\" data-size=\"normal\" data-sitekey=\"6Leim5siAAAAADzyVpjsLEwc2x_5VEdnArrFS0iB\"><\/div><span class=\"wpcf7-form-control-wrap cf7sr-recaptcha\" data-name=\"cf7sr-recaptcha\"><input type=\"hidden\" name=\"cf7sr-recaptcha\" value=\"\" class=\"wpcf7-form-control\"><\/span>\n<\/p>\n<p><button class=\"wpcf7-form-control wpcf7-submit mkdf-btn mkdf-btn-medium mkdf-btn-solid\" type=\"submit\"><span class=\"mkdf-btn-text\">Envoyer<\/span><\/button>\n<\/p><div class=\"wpcf7-response-output\" aria-hidden=\"true\"><\/div>\n<\/form>\n<\/div>\n[vc_empty_space height=\u00a0\u00bb120px\u00a0\u00bb][\/vc_column][vc_column width=\u00a0\u00bb1\/3&Prime;][\/vc_column][\/vc_row][vc_row][vc_column][vc_empty_space height=\u00a0\u00bb120px\u00a0\u00bb]<div class=\"mkdf-section-title-holder  mkdf-st-standard mkdf-st-title-left mkdf-st-normal-space \" >\n\t<div class=\"mkdf-st-inner\">\n\t\t\t\t\t<span class=\"mkdf-st-subtitle\" >\n\t\t\t\tENVIE D'UN RESTO?\t\t\t<\/span>\n\t\t\t\t\t\t\t<h2 class=\"mkdf-st-title\" >\n\t\t\t\tNos partenaires\t\t\t<\/h2>\n\t\t\t\t\t<\/div>\n<\/div>[vc_empty_space height=\u00a0\u00bb120px\u00a0\u00bb][\/vc_column][\/vc_row][vc_row][vc_column width=\u00a0\u00bb1\/4&Prime;]<div class=\"mkdf-single-image-holder   mkdf-image-behavior-custom-link mkdf-image-position-center\">\n    <div class=\"mkdf-si-inner\" >\n        \t            <a itemprop=\"url\" href=\"http:\/\/www.rocheray.ch\" target=\"_blank\">\n                                    <img loading=\"lazy\" decoding=\"async\" width=\"300\" height=\"201\" src=\"https:\/\/www.gourmandaz.ch\/wordpress\/wp-content\/uploads\/2020\/06\/H\u00f4tel-Restaurant-Bellevue-le-Rocheray-300x201.jpg\" class=\"attachment-medium size-medium\" alt=\"\" srcset=\"https:\/\/www.gourmandaz.ch\/wordpress\/wp-content\/uploads\/2020\/06\/H\u00f4tel-Restaurant-Bellevue-le-Rocheray-300x201.jpg 300w, https:\/\/www.gourmandaz.ch\/wordpress\/wp-content\/uploads\/2020\/06\/H\u00f4tel-Restaurant-Bellevue-le-Rocheray-150x100.jpg 150w, https:\/\/www.gourmandaz.ch\/wordpress\/wp-content\/uploads\/2020\/06\/H\u00f4tel-Restaurant-Bellevue-le-Rocheray.jpg 550w\" sizes=\"auto, (max-width: 300px) 100vw, 300px\" \/>                                <\/a>\n            <\/div>\n<\/div>[\/vc_column][vc_column width=\u00a0\u00bb3\/4&Prime;]<div class=\"mkdf-section-title-holder  mkdf-st-standard mkdf-st-title-left mkdf-st-normal-space \" >\n\t<div class=\"mkdf-st-inner\">\n\t\t\t\t\t<span class=\"mkdf-st-subtitle\" >\n\t\t\t\twww.rocheray.ch\t\t\t<\/span>\n\t\t\t\t\t\t\t<h2 class=\"mkdf-st-title\" >\n\t\t\t\tH\u00f4tel Restaurant Bellevue le Rocheray\t\t\t<\/h2>\n\t\t\t\t\t\t\t<h4 class=\"mkdf-st-text\" >\n\t\t\t\tSitu\u00e9 \u00e0 1000m d\u2019altitude au c\u0153ur de la Vall\u00e9e de Joux, entre nature pr\u00e9serv\u00e9e et manufactures horlog\u00e8res mondialement r\u00e9put\u00e9es, l\u2019H\u00f4tel***Restaurant Bellevue Le Rocheray est un v\u00e9ritable lieu de d\u00e9tente dans un cadre exceptionnel sur les bords du Lac de Joux.\t\t\t<\/h4>\n\t\t\t<\/div>\n<\/div>[\/vc_column][\/vc_row][vc_row][vc_column][vc_empty_space][\/vc_column][\/vc_row][vc_row][vc_column width=\u00a0\u00bb1\/4&Prime;]<div class=\"mkdf-single-image-holder   mkdf-image-behavior-custom-link mkdf-image-position-center\">\n    <div class=\"mkdf-si-inner\" >\n        \t            <a itemprop=\"url\" href=\"http:\/\/www.restaurantdesquais.ch\" target=\"_blank\">\n                                    <img loading=\"lazy\" decoding=\"async\" width=\"300\" height=\"201\" src=\"https:\/\/www.gourmandaz.ch\/wordpress\/wp-content\/uploads\/2020\/06\/Restaurant-des-Quais-300x201.jpg\" class=\"attachment-medium size-medium\" alt=\"\" srcset=\"https:\/\/www.gourmandaz.ch\/wordpress\/wp-content\/uploads\/2020\/06\/Restaurant-des-Quais-300x201.jpg 300w, https:\/\/www.gourmandaz.ch\/wordpress\/wp-content\/uploads\/2020\/06\/Restaurant-des-Quais-150x100.jpg 150w, https:\/\/www.gourmandaz.ch\/wordpress\/wp-content\/uploads\/2020\/06\/Restaurant-des-Quais.jpg 550w\" sizes=\"auto, (max-width: 300px) 100vw, 300px\" \/>                                <\/a>\n            <\/div>\n<\/div>[\/vc_column][vc_column width=\u00a0\u00bb3\/4&Prime;]<div class=\"mkdf-section-title-holder  mkdf-st-standard mkdf-st-title-left mkdf-st-normal-space \" >\n\t<div class=\"mkdf-st-inner\">\n\t\t\t\t\t<span class=\"mkdf-st-subtitle\" >\n\t\t\t\twww.restaurantdesquais.ch\t\t\t<\/span>\n\t\t\t\t\t\t\t<h2 class=\"mkdf-st-title\" >\n\t\t\t\tRestaurant Les Quais\t\t\t<\/h2>\n\t\t\t\t\t\t\t<h4 class=\"mkdf-st-text\" >\n\t\t\t\tQue ce soit pour un diner d'affaire, un repas en famille ou encore un t\u00eate \u00e0 t\u00eate romantique le restaurant des Quais vous propose une carte vari\u00e9e (poisson, viande,...) au bord du lac de Neuch\u00e2tel.\t\t\t<\/h4>\n\t\t\t<\/div>\n<\/div>[\/vc_column][\/vc_row][vc_row][vc_column][vc_empty_space][\/vc_column][\/vc_row][vc_row][vc_column width=\u00a0\u00bb1\/4&Prime;]<div class=\"mkdf-single-image-holder   mkdf-image-behavior-custom-link mkdf-image-position-center\">\n    <div class=\"mkdf-si-inner\" >\n        \t            <a itemprop=\"url\" href=\"http:\/\/www.cellierprovino.ch\" target=\"_blank\">\n                                    <img loading=\"lazy\" decoding=\"async\" width=\"300\" height=\"201\" src=\"https:\/\/www.gourmandaz.ch\/wordpress\/wp-content\/uploads\/2020\/06\/Le-Cellier-Pro-Vino-300x201.jpg\" class=\"attachment-medium size-medium\" alt=\"\" srcset=\"https:\/\/www.gourmandaz.ch\/wordpress\/wp-content\/uploads\/2020\/06\/Le-Cellier-Pro-Vino-300x201.jpg 300w, https:\/\/www.gourmandaz.ch\/wordpress\/wp-content\/uploads\/2020\/06\/Le-Cellier-Pro-Vino-150x100.jpg 150w, https:\/\/www.gourmandaz.ch\/wordpress\/wp-content\/uploads\/2020\/06\/Le-Cellier-Pro-Vino.jpg 550w\" sizes=\"auto, (max-width: 300px) 100vw, 300px\" \/>                                <\/a>\n            <\/div>\n<\/div>[\/vc_column][vc_column width=\u00a0\u00bb3\/4&Prime;]<div class=\"mkdf-section-title-holder  mkdf-st-standard mkdf-st-title-left mkdf-st-normal-space \" >\n\t<div class=\"mkdf-st-inner\">\n\t\t\t\t\t<span class=\"mkdf-st-subtitle\" >\n\t\t\t\twww.cellierprovino.ch\t\t\t<\/span>\n\t\t\t\t\t\t\t<h2 class=\"mkdf-st-title\" >\n\t\t\t\tLe Cellier Pro Vino\t\t\t<\/h2>\n\t\t\t\t\t\t\t<h4 class=\"mkdf-st-text\" >\n\t\t\t\tLe Cellier ProVino est un lieu convivial \u00e9labor\u00e9 autour des vins et des produits du terroir. 200 vignerons suisses, 400 vins et plus de 30 artisans du terroir vous sont pr\u00e9sent\u00e9s tout au long de l\u2019ann\u00e9e dans notre bar \u00e0 vin, lors de nos \u00e9v\u00e9nements ou dans la boutique.\t\t\t<\/h4>\n\t\t\t<\/div>\n<\/div>[\/vc_column][\/vc_row][vc_row][vc_column][vc_empty_space][\/vc_column][\/vc_row][vc_row][vc_column width=\u00a0\u00bb1\/4&Prime;]<div class=\"mkdf-single-image-holder   mkdf-image-behavior-custom-link mkdf-image-position-center\">\n    <div class=\"mkdf-si-inner\" >\n        \t            <a itemprop=\"url\" href=\"https:\/\/www.lepointcommun.ch\/\" target=\"_blank\">\n                                    <img loading=\"lazy\" decoding=\"async\" width=\"300\" height=\"200\" src=\"https:\/\/www.gourmandaz.ch\/wordpress\/wp-content\/uploads\/2022\/10\/point_commun__8-300x200.jpg\" class=\"attachment-medium size-medium\" alt=\"\" srcset=\"https:\/\/www.gourmandaz.ch\/wordpress\/wp-content\/uploads\/2022\/10\/point_commun__8-300x200.jpg 300w, https:\/\/www.gourmandaz.ch\/wordpress\/wp-content\/uploads\/2022\/10\/point_commun__8-1024x683.jpg 1024w, https:\/\/www.gourmandaz.ch\/wordpress\/wp-content\/uploads\/2022\/10\/point_commun__8-150x100.jpg 150w, https:\/\/www.gourmandaz.ch\/wordpress\/wp-content\/uploads\/2022\/10\/point_commun__8-555x370.jpg 555w, https:\/\/www.gourmandaz.ch\/wordpress\/wp-content\/uploads\/2022\/10\/point_commun__8.jpg 1499w\" sizes=\"auto, (max-width: 300px) 100vw, 300px\" \/>                                <\/a>\n            <\/div>\n<\/div>[\/vc_column][vc_column width=\u00a0\u00bb3\/4&Prime;]<div class=\"mkdf-section-title-holder  mkdf-st-standard mkdf-st-title-left mkdf-st-normal-space \" >\n\t<div class=\"mkdf-st-inner\">\n\t\t\t\t\t<span class=\"mkdf-st-subtitle\" >\n\t\t\t\thttps:\/\/www.lepointcommun.ch\/fr\t\t\t<\/span>\n\t\t\t\t\t\t\t<h2 class=\"mkdf-st-title\" >\n\t\t\t\tLe Point Commun\t\t\t<\/h2>\n\t\t\t\t\t<\/div>\n<\/div>[\/vc_column][\/vc_row][vc_row][vc_column][vc_empty_space][\/vc_column][\/vc_row][vc_row][vc_column][vc_empty_space height=\u00a0\u00bb120px\u00a0\u00bb]<div class=\"mkdf-section-title-holder  mkdf-st-standard mkdf-st-title-left mkdf-st-normal-space \" >\n\t<div class=\"mkdf-st-inner\">\n\t\t\t\t\t<span class=\"mkdf-st-subtitle\" >\n\t\t\t\tET LES BOUTIQUES ALORS?\t\t\t<\/span>\n\t\t\t\t\t\t\t<h2 class=\"mkdf-st-title\" >\n\t\t\t\tNos partenaires\t\t\t<\/h2>\n\t\t\t\t\t<\/div>\n<\/div>[vc_empty_space height=\u00a0\u00bb120px\u00a0\u00bb][\/vc_column][\/vc_row][vc_row][vc_column width=\u00a0\u00bb1\/4&Prime;]<div class=\"mkdf-single-image-holder   mkdf-image-behavior-custom-link mkdf-image-position-center\">\n    <div class=\"mkdf-si-inner\" >\n        \t            <a itemprop=\"url\" href=\"http:\/\/www.terroirs-region-grandson.ch\" target=\"_blank\">\n                                    <img loading=\"lazy\" decoding=\"async\" width=\"300\" height=\"201\" src=\"https:\/\/www.gourmandaz.ch\/wordpress\/wp-content\/uploads\/2020\/06\/La-Maison-des-Terroirs-300x201.jpg\" class=\"attachment-medium size-medium\" alt=\"\" srcset=\"https:\/\/www.gourmandaz.ch\/wordpress\/wp-content\/uploads\/2020\/06\/La-Maison-des-Terroirs-300x201.jpg 300w, https:\/\/www.gourmandaz.ch\/wordpress\/wp-content\/uploads\/2020\/06\/La-Maison-des-Terroirs-150x100.jpg 150w, https:\/\/www.gourmandaz.ch\/wordpress\/wp-content\/uploads\/2020\/06\/La-Maison-des-Terroirs.jpg 550w\" sizes=\"auto, (max-width: 300px) 100vw, 300px\" \/>                                <\/a>\n            <\/div>\n<\/div>[\/vc_column][vc_column width=\u00a0\u00bb3\/4&Prime;]<div class=\"mkdf-section-title-holder  mkdf-st-standard mkdf-st-title-left mkdf-st-normal-space \" >\n\t<div class=\"mkdf-st-inner\">\n\t\t\t\t\t<span class=\"mkdf-st-subtitle\" >\n\t\t\t\twww.terroirs-region-grandson.ch\t\t\t<\/span>\n\t\t\t\t\t\t\t<h2 class=\"mkdf-st-title\" >\n\t\t\t\tLa Maison des Terroirs\t\t\t<\/h2>\n\t\t\t\t\t\t\t<h4 class=\"mkdf-st-text\" >\n\t\t\t\tLa Maison des Terroirs c'est un peu le temple des produits de la r\u00e9gion de Grandson. Que vous soyez amateur de charcuterie, de fromage ou encore de vin, vous trouverez l\u00e0 bas tout ce qu'il vous faut pour vous r\u00e9galer local !\t\t\t<\/h4>\n\t\t\t<\/div>\n<\/div>[\/vc_column][\/vc_row][vc_row][vc_column][vc_empty_space][\/vc_column][\/vc_row][vc_row][vc_column width=\u00a0\u00bb1\/4&Prime;]<div class=\"mkdf-single-image-holder    mkdf-image-position-center\">\n    <div class=\"mkdf-si-inner\" >\n                                    <img loading=\"lazy\" decoding=\"async\" width=\"300\" height=\"201\" src=\"https:\/\/www.gourmandaz.ch\/wordpress\/wp-content\/uploads\/2020\/06\/Landi-Bercher-et-M\u00e9zi\u00e8res-300x201.jpg\" class=\"attachment-medium size-medium\" alt=\"\" srcset=\"https:\/\/www.gourmandaz.ch\/wordpress\/wp-content\/uploads\/2020\/06\/Landi-Bercher-et-M\u00e9zi\u00e8res-300x201.jpg 300w, https:\/\/www.gourmandaz.ch\/wordpress\/wp-content\/uploads\/2020\/06\/Landi-Bercher-et-M\u00e9zi\u00e8res-150x100.jpg 150w, https:\/\/www.gourmandaz.ch\/wordpress\/wp-content\/uploads\/2020\/06\/Landi-Bercher-et-M\u00e9zi\u00e8res.jpg 550w\" sizes=\"auto, (max-width: 300px) 100vw, 300px\" \/>                        <\/div>\n<\/div>[\/vc_column][vc_column width=\u00a0\u00bb3\/4&Prime;]<div class=\"mkdf-section-title-holder  mkdf-st-standard mkdf-st-title-left mkdf-st-normal-space \" >\n\t<div class=\"mkdf-st-inner\">\n\t\t\t\t\t\t\t<h2 class=\"mkdf-st-title\" >\n\t\t\t\tLandi Bercher et M\u00e9zi\u00e8res\t\t\t<\/h2>\n\t\t\t\t\t\t\t<h4 class=\"mkdf-st-text\" >\n\t\t\t\tD\u00e9couvrez nos vins chez Landi Bercher et M\u00e9zi\u00e8res.\t\t\t<\/h4>\n\t\t\t<\/div>\n<\/div>[\/vc_column][\/vc_row][vc_row][vc_column][vc_empty_space][\/vc_column][\/vc_row]<\/p>\n","protected":false},"excerpt":{"rendered":"<p>[vc_row][vc_column][vc_empty_space height=\u00a0\u00bb120px\u00a0\u00bb][\/vc_column][\/vc_row][vc_row][vc_column width=\u00a0\u00bb2\/3&Prime;][vc_empty_space height=\u00a0\u00bb120px\u00a0\u00bb][\/vc_column][vc_column width=\u00a0\u00bb1\/3&Prime;][\/vc_column][\/vc_row][vc_row][vc_column width=\u00a0\u00bb1\/4&Prime;][\/vc_column][vc_column width=\u00a0\u00bb3\/4&Prime;][vc_empty_space height=\u00a0\u00bb120px\u00a0\u00bb][\/vc_column][\/vc_row][vc_row][vc_column width=\u00a0\u00bb2\/3&Prime;][vc_empty_space height=\u00a0\u00bb120px\u00a0\u00bb][vc_empty_space height=\u00a0\u00bb120px\u00a0\u00bb][\/vc_column][vc_column width=\u00a0\u00bb1\/3&Prime;][\/vc_column][\/vc_row][vc_row][vc_column][vc_empty_space height=\u00a0\u00bb120px\u00a0\u00bb][vc_empty_space height=\u00a0\u00bb120px\u00a0\u00bb][\/vc_column][\/vc_row][vc_row][vc_column width=\u00a0\u00bb1\/4&Prime;][\/vc_column][vc_column width=\u00a0\u00bb3\/4&Prime;][\/vc_column][\/vc_row][vc_row][vc_column][vc_empty_space][\/vc_column][\/vc_row][vc_row][vc_column width=\u00a0\u00bb1\/4&Prime;][\/vc_column][vc_column width=\u00a0\u00bb3\/4&Prime;][\/vc_column][\/vc_row][vc_row][vc_column][vc_empty_space][\/vc_column][\/vc_row][vc_row][vc_column width=\u00a0\u00bb1\/4&Prime;][\/vc_column][vc_column width=\u00a0\u00bb3\/4&Prime;][\/vc_column][\/vc_row][vc_row][vc_column][vc_empty_space][\/vc_column][\/vc_row][vc_row][vc_column width=\u00a0\u00bb1\/4&Prime;][\/vc_column][vc_column width=\u00a0\u00bb3\/4&Prime;][\/vc_column][\/vc_row][vc_row][vc_column][vc_empty_space][\/vc_column][\/vc_row][vc_row][vc_column][vc_empty_space height=\u00a0\u00bb120px\u00a0\u00bb][vc_empty_space height=\u00a0\u00bb120px\u00a0\u00bb][\/vc_column][\/vc_row][vc_row][vc_column width=\u00a0\u00bb1\/4&Prime;][\/vc_column][vc_column width=\u00a0\u00bb3\/4&Prime;][\/vc_column][\/vc_row][vc_row][vc_column][vc_empty_space][\/vc_column][\/vc_row][vc_row][vc_column width=\u00a0\u00bb1\/4&Prime;][\/vc_column][vc_column width=\u00a0\u00bb3\/4&Prime;][\/vc_column][\/vc_row][vc_row][vc_column][vc_empty_space][\/vc_column][\/vc_row]<\/p>\n","protected":false},"author":1,"featured_media":0,"parent":0,"menu_order":0,"comment_status":"closed","ping_status":"closed","template":"","meta":{"_acf_changed":false,"footnotes":""},"class_list":["post-4324","page","type-page","status-publish","hentry"],"acf":[],"yoast_head":"<!-- This site is optimized with the Yoast SEO plugin v14.4.1 - https:\/\/yoast.com\/wordpress\/plugins\/seo\/ -->\n<title>D\u00e9gustation &bull; Domaine de Gourmandaz<\/title>\n<meta name=\"robots\" content=\"index, follow\" \/>\n<meta name=\"googlebot\" content=\"index, follow, max-snippet:-1, max-image-preview:large, max-video-preview:-1\" \/>\n<meta name=\"bingbot\" content=\"index, follow, max-snippet:-1, max-image-preview:large, max-video-preview:-1\" \/>\n<link rel=\"canonical\" href=\"https:\/\/www.gourmandaz.ch\/wordpress\/degustation\/\" \/>\n<meta property=\"og:locale\" content=\"fr_FR\" \/>\n<meta property=\"og:type\" content=\"article\" \/>\n<meta property=\"og:title\" content=\"D\u00e9gustation &bull; Domaine de Gourmandaz\" \/>\n<meta property=\"og:description\" content=\"[vc_row][vc_column][vc_empty_space height=\u00a0\u00bb120px\u00a0\u00bb][\/vc_column][\/vc_row][vc_row][vc_column width=\u00a0\u00bb2\/3&Prime;][vc_empty_space height=\u00a0\u00bb120px\u00a0\u00bb][\/vc_column][vc_column width=\u00a0\u00bb1\/3&Prime;][\/vc_column][\/vc_row][vc_row][vc_column width=\u00a0\u00bb1\/4&Prime;][\/vc_column][vc_column width=\u00a0\u00bb3\/4&Prime;][vc_empty_space height=\u00a0\u00bb120px\u00a0\u00bb][\/vc_column][\/vc_row][vc_row][vc_column width=\u00a0\u00bb2\/3&Prime;][vc_empty_space height=\u00a0\u00bb120px\u00a0\u00bb][vc_empty_space height=\u00a0\u00bb120px\u00a0\u00bb][\/vc_column][vc_column width=\u00a0\u00bb1\/3&Prime;][\/vc_column][\/vc_row][vc_row][vc_column][vc_empty_space height=\u00a0\u00bb120px\u00a0\u00bb][vc_empty_space height=\u00a0\u00bb120px\u00a0\u00bb][\/vc_column][\/vc_row][vc_row][vc_column width=\u00a0\u00bb1\/4&Prime;][\/vc_column][vc_column width=\u00a0\u00bb3\/4&Prime;][\/vc_column][\/vc_row][vc_row][vc_column][vc_empty_space][\/vc_column][\/vc_row][vc_row][vc_column width=\u00a0\u00bb1\/4&Prime;][\/vc_column][vc_column width=\u00a0\u00bb3\/4&Prime;][\/vc_column][\/vc_row][vc_row][vc_column][vc_empty_space][\/vc_column][\/vc_row][vc_row][vc_column width=\u00a0\u00bb1\/4&Prime;][\/vc_column][vc_column width=\u00a0\u00bb3\/4&Prime;][\/vc_column][\/vc_row][vc_row][vc_column][vc_empty_space][\/vc_column][\/vc_row][vc_row][vc_column width=\u00a0\u00bb1\/4&Prime;][\/vc_column][vc_column width=\u00a0\u00bb3\/4&Prime;][\/vc_column][\/vc_row][vc_row][vc_column][vc_empty_space][\/vc_column][\/vc_row][vc_row][vc_column][vc_empty_space height=\u00a0\u00bb120px\u00a0\u00bb][vc_empty_space height=\u00a0\u00bb120px\u00a0\u00bb][\/vc_column][\/vc_row][vc_row][vc_column width=\u00a0\u00bb1\/4&Prime;][\/vc_column][vc_column width=\u00a0\u00bb3\/4&Prime;][\/vc_column][\/vc_row][vc_row][vc_column][vc_empty_space][\/vc_column][\/vc_row][vc_row][vc_column width=\u00a0\u00bb1\/4&Prime;][\/vc_column][vc_column width=\u00a0\u00bb3\/4&Prime;][\/vc_column][\/vc_row][vc_row][vc_column][vc_empty_space][\/vc_column][\/vc_row]\" \/>\n<meta property=\"og:url\" content=\"https:\/\/www.gourmandaz.ch\/wordpress\/degustation\/\" \/>\n<meta property=\"og:site_name\" content=\"Domaine de Gourmandaz\" \/>\n<meta property=\"article:publisher\" content=\"https:\/\/fr-fr.facebook.com\/domaineGourmandaz\/\" \/>\n<meta property=\"article:author\" content=\"https:\/\/www.facebook.com\/domaineGourmandaz\/\" \/>\n<meta property=\"article:modified_time\" content=\"2023-12-29T10:44:58+00:00\" \/>\n<meta name=\"twitter:card\" content=\"summary_large_image\" \/>\n<script type=\"application\/ld+json\" class=\"yoast-schema-graph\">{\"@context\":\"https:\/\/schema.org\",\"@graph\":[{\"@type\":\"Organization\",\"@id\":\"https:\/\/www.gourmandaz.ch\/wordpress\/#organization\",\"name\":\"Domaine de Gourmandaz\",\"url\":\"https:\/\/www.gourmandaz.ch\/wordpress\/\",\"sameAs\":[\"https:\/\/fr-fr.facebook.com\/domaineGourmandaz\/\",\"https:\/\/www.instagram.com\/domainedegourmandaz\/\"],\"logo\":{\"@type\":\"ImageObject\",\"@id\":\"https:\/\/www.gourmandaz.ch\/wordpress\/#logo\",\"inLanguage\":\"fr-FR\",\"url\":\"https:\/\/www.gourmandaz.ch\/wordpress\/wp-content\/uploads\/2020\/06\/Logo_Gourmandaz_rouge_mobile.png\",\"width\":239,\"height\":95,\"caption\":\"Domaine de Gourmandaz\"},\"image\":{\"@id\":\"https:\/\/www.gourmandaz.ch\/wordpress\/#logo\"}},{\"@type\":\"WebSite\",\"@id\":\"https:\/\/www.gourmandaz.ch\/wordpress\/#website\",\"url\":\"https:\/\/www.gourmandaz.ch\/wordpress\/\",\"name\":\"Domaine de Gourmandaz\",\"description\":\"Qui sait d\\u00e9guster ne boit plus jamais des vins mais go\\u00fbte des secrets. Dali\",\"publisher\":{\"@id\":\"https:\/\/www.gourmandaz.ch\/wordpress\/#organization\"},\"potentialAction\":[{\"@type\":\"SearchAction\",\"target\":\"https:\/\/www.gourmandaz.ch\/wordpress\/?s={search_term_string}\",\"query-input\":\"required name=search_term_string\"}],\"inLanguage\":\"fr-FR\"},{\"@type\":\"WebPage\",\"@id\":\"https:\/\/www.gourmandaz.ch\/wordpress\/degustation\/#webpage\",\"url\":\"https:\/\/www.gourmandaz.ch\/wordpress\/degustation\/\",\"name\":\"D\\u00e9gustation &bull; Domaine de Gourmandaz\",\"isPartOf\":{\"@id\":\"https:\/\/www.gourmandaz.ch\/wordpress\/#website\"},\"datePublished\":\"2020-06-26T21:05:58+00:00\",\"dateModified\":\"2023-12-29T10:44:58+00:00\",\"inLanguage\":\"fr-FR\",\"potentialAction\":[{\"@type\":\"ReadAction\",\"target\":[\"https:\/\/www.gourmandaz.ch\/wordpress\/degustation\/\"]}]}]}<\/script>\n<!-- \/ Yoast SEO plugin. -->","_links":{"self":[{"href":"https:\/\/www.gourmandaz.ch\/wordpress\/wp-json\/wp\/v2\/pages\/4324","targetHints":{"allow":["GET"]}}],"collection":[{"href":"https:\/\/www.gourmandaz.ch\/wordpress\/wp-json\/wp\/v2\/pages"}],"about":[{"href":"https:\/\/www.gourmandaz.ch\/wordpress\/wp-json\/wp\/v2\/types\/page"}],"author":[{"embeddable":true,"href":"https:\/\/www.gourmandaz.ch\/wordpress\/wp-json\/wp\/v2\/users\/1"}],"replies":[{"embeddable":true,"href":"https:\/\/www.gourmandaz.ch\/wordpress\/wp-json\/wp\/v2\/comments?post=4324"}],"version-history":[{"count":37,"href":"https:\/\/www.gourmandaz.ch\/wordpress\/wp-json\/wp\/v2\/pages\/4324\/revisions"}],"predecessor-version":[{"id":4940,"href":"https:\/\/www.gourmandaz.ch\/wordpress\/wp-json\/wp\/v2\/pages\/4324\/revisions\/4940"}],"wp:attachment":[{"href":"https:\/\/www.gourmandaz.ch\/wordpress\/wp-json\/wp\/v2\/media?parent=4324"}],"curies":[{"name":"wp","href":"https:\/\/api.w.org\/{rel}","templated":true}]}}